{"id":5,"date":"2020-04-02T16:12:38","date_gmt":"2020-04-02T16:12:38","guid":{"rendered":"http:\/\/sulimma.net\/?page_id=5"},"modified":"2023-02-21T14:12:11","modified_gmt":"2023-02-21T14:12:11","slug":"5-2","status":"publish","type":"page","link":"https:\/\/podologie-ruhmland.de\/","title":{"rendered":"Startseite"},"content":{"rendered":"<p>[et_pb_section fb_built=&#8220;1&#8243; admin_label=&#8220;Hero Section&#8220; _builder_version=&#8220;4.16&#8243; use_background_color_gradient=&#8220;on&#8220; background_color_gradient_direction=&#8220;90deg&#8220; background_color_gradient_stops=&#8220;#f4f0e9 30%|rgba(244,240,233,0) 100%&#8220; background_color_gradient_overlays_image=&#8220;on&#8220; background_color_gradient_start=&#8220;#f4f0e9&#8243; background_color_gradient_start_position=&#8220;30%&#8220; background_color_gradient_end=&#8220;rgba(244,240,233,0)&#8220; background_image=&#8220;https:\/\/podologie-ruhmland.de\/wp-content\/uploads\/2020\/04\/791987791-huge-websize.jpg&#8220; custom_margin=&#8220;|||&#8220; custom_padding=&#8220;14%|0px|14%|0px&#8220; global_colors_info=&#8220;{}&#8220;][et_pb_row custom_padding_last_edited=&#8220;off|desktop&#8220; admin_label=&#8220;Hero Area&#8220; _builder_version=&#8220;4.16&#8243; custom_margin=&#8220;1px|auto||auto||&#8220; custom_padding=&#8220;27px|0px|0px|0px&#8220; global_colors_info=&#8220;{}&#8220;][et_pb_column type=&#8220;4_4&#8243; _builder_version=&#8220;4.16&#8243; custom_padding=&#8220;|||&#8220; global_colors_info=&#8220;{}&#8220; custom_padding__hover=&#8220;|||&#8220;][et_pb_text content_tablet=&#8220;<\/p>\n<h1>Podologische Praxis<\/h1>\n<h3 style=%22padding-left: 30px;%22><span style=%22font-size: xx-large;%22>Yvonne Ruhmland<\/span><\/h3>\n<p>&#8220; content_phone=&#8220;<\/p>\n<h1>Podologische Praxis<\/h1>\n<h3><span style=%22font-size: x-large;%22>Yvonne Ruhmland<\/span><\/h3>\n<p>&#8220; content_last_edited=&#8220;on|tablet&#8220; admin_label=&#8220;Hero Title&#8220; _builder_version=&#8220;4.16&#8243; text_font=&#8220;Playfair Display||||||||&#8220; header_font=&#8220;Alice||||||||&#8220; header_font_size=&#8220;86px&#8220; header_letter_spacing=&#8220;-3px&#8220; header_3_font=&#8220;Alice||||||||&#8220; animation_style=&#8220;slide&#8220; animation_direction=&#8220;right&#8220; animation_intensity_slide=&#8220;2%&#8220; animation_starting_opacity=&#8220;6%&#8220; animation_speed_curve=&#8220;ease&#8220; text_font_size_last_edited=&#8220;off|desktop&#8220; header_font_size_tablet=&#8220;56px&#8220; header_font_size_phone=&#8220;50px&#8220; header_font_size_last_edited=&#8220;on|phone&#8220; global_colors_info=&#8220;{}&#8220;]<\/p>\n<h1>Podologische Praxis<\/h1>\n<h3 style=\"padding-left: 60px;\"><span style=\"font-size: xx-large;\">Yvonne Ruhmland<\/span><\/h3>\n<p>[\/et_pb_text][et_pb_button button_url=&#8220;#leistungen&#8220; button_text=&#8220;Meine Leistungen&#8220; _builder_version=&#8220;4.16&#8243; custom_button=&#8220;on&#8220; button_text_size=&#8220;15px&#8220; button_text_color=&#8220;#ffffff&#8220; button_bg_color=&#8220;#b6bcc1&#8243; button_border_width=&#8220;0px&#8220; button_border_radius=&#8220;100px&#8220; button_letter_spacing=&#8220;2px&#8220; button_font=&#8220;|700||on|||||&#8220; button_use_icon=&#8220;off&#8220; custom_padding=&#8220;16px|30px|16px|30px&#8220; animation_style=&#8220;slide&#8220; animation_direction=&#8220;left&#8220; animation_intensity_slide=&#8220;10%&#8220; animation_starting_opacity=&#8220;100%&#8220; button_letter_spacing_hover=&#8220;2px&#8220; button_bg_color_hover=&#8220;#e0c588&#8243; global_colors_info=&#8220;{}&#8220; button_text_size__hover_enabled=&#8220;off&#8220; button_one_text_size__hover_enabled=&#8220;off&#8220; button_two_text_size__hover_enabled=&#8220;off&#8220; button_text_color__hover_enabled=&#8220;off&#8220; button_one_text_color__hover_enabled=&#8220;off&#8220; button_two_text_color__hover_enabled=&#8220;off&#8220; button_border_width__hover_enabled=&#8220;off&#8220; button_one_border_width__hover_enabled=&#8220;off&#8220; button_two_border_width__hover_enabled=&#8220;off&#8220; button_border_color__hover_enabled=&#8220;off&#8220; button_one_border_color__hover_enabled=&#8220;off&#8220; button_two_border_color__hover_enabled=&#8220;off&#8220; button_border_radius__hover_enabled=&#8220;off&#8220; button_one_border_radius__hover_enabled=&#8220;off&#8220; button_two_border_radius__hover_enabled=&#8220;off&#8220; button_letter_spacing__hover_enabled=&#8220;on&#8220; button_letter_spacing__hover=&#8220;2px&#8220; button_one_letter_spacing__hover_enabled=&#8220;off&#8220; button_two_letter_spacing__hover_enabled=&#8220;off&#8220; button_bg_color__hover_enabled=&#8220;on&#8220; button_bg_color__hover=&#8220;#e0c588&#8243; button_one_bg_color__hover_enabled=&#8220;off&#8220; button_two_bg_color__hover_enabled=&#8220;off&#8220;][\/et_pb_button][\/et_pb_column][\/et_pb_row][\/et_pb_section][et_pb_section fb_built=&#8220;1&#8243; admin_label=&#8220;Promo Banner&#8220; _builder_version=&#8220;4.16&#8243; background_color=&#8220;#747d88&#8243; custom_padding=&#8220;0px|0px|0px|0px&#8220; locked=&#8220;off&#8220; global_colors_info=&#8220;{}&#8220;][et_pb_row _builder_version=&#8220;4.16&#8243; global_colors_info=&#8220;{}&#8220;][et_pb_column type=&#8220;4_4&#8243; _builder_version=&#8220;4.16&#8243; custom_padding=&#8220;|||&#8220; global_colors_info=&#8220;{}&#8220; custom_padding__hover=&#8220;|||&#8220;][et_pb_text _builder_version=&#8220;4.16&#8243; text_font=&#8220;Alice||on||||||&#8220; text_text_color=&#8220;#ffffff&#8220; custom_padding=&#8220;1px|||||&#8220; global_colors_info=&#8220;{}&#8220;]<\/p>\n<h1 style=\"text-align: center;\"><span style=\"color: #ffffff;\">Ihre F\u00fc\u00dfe in besten H\u00e4nden.<\/span><\/h1>\n<p>[\/et_pb_text][\/et_pb_column][\/et_pb_row][\/et_pb_section][et_pb_section fb_built=&#8220;1&#8243; admin_label=&#8220;Our Specialties Section&#8220; _builder_version=&#8220;4.16&#8243; background_color=&#8220;rgba(249,240,227,0.52)&#8220; background_enable_image=&#8220;off&#8220; background_position=&#8220;bottom_right&#8220; background_blend=&#8220;soft-light&#8220; custom_padding=&#8220;35px||0px|||&#8220; global_colors_info=&#8220;{}&#8220;][et_pb_row admin_label=&#8220;Title Area&#8220; module_id=&#8220;leistungen&#8220; _builder_version=&#8220;4.18.1&#8243; hover_enabled=&#8220;0&#8243; global_colors_info=&#8220;{}&#8220; sticky_enabled=&#8220;0&#8243;][et_pb_column type=&#8220;4_4&#8243; _builder_version=&#8220;4.16&#8243; custom_padding=&#8220;|||&#8220; global_colors_info=&#8220;{}&#8220; custom_padding__hover=&#8220;|||&#8220;][et_pb_text admin_label=&#8220;Title&#8220; _builder_version=&#8220;4.16&#8243; text_font=&#8220;||||||||&#8220; header_font=&#8220;||||||||&#8220; header_2_font=&#8220;Alice||||||||&#8220; header_2_text_align=&#8220;center&#8220; header_2_font_size=&#8220;40px&#8220; header_2_line_height=&#8220;1.3em&#8220; custom_margin=&#8220;||20px|&#8220; animation_direction=&#8220;top&#8220; global_colors_info=&#8220;{}&#8220;]<\/p>\n<h2><span style=\"color: #333333;\">Leistungen<\/span><\/h2>\n<p>[\/et_pb_text][et_pb_divider color=&#8220;#2a2a2a&#8220; divider_weight=&#8220;3px&#8220; _builder_version=&#8220;4.18.1&#8243; max_width=&#8220;50px&#8220; module_alignment=&#8220;center&#8220; custom_margin=&#8220;||10px|&#8220; animation_direction=&#8220;top&#8220; hover_transition_duration=&#8220;0ms&#8220; hover_enabled=&#8220;0&#8243; global_colors_info=&#8220;{}&#8220; sticky_enabled=&#8220;0&#8243;][\/et_pb_divider][et_pb_text content_tablet=&#8220;<span>Behandlung diabetischer F\u00fc\u00dfe<\/span><\/p>\n<p><span>***<\/span><\/p>\n<p><span>Vorsorge &amp; Beratung<\/span><\/p>\n<p><span>***<\/span><\/p>\n<p><span>Medizinische Fu\u00dfpflege<\/span><\/p>\n<p><span>***<\/span><\/p>\n<p><span>Nagelbehandlung<\/span><\/p>\n<p><span>***<\/span><\/p>\n<p><span>Hornhautentfernung<\/span><\/p>\n<p><span>***<\/span><\/p>\n<p><span>Behandlung von Schwielen\/ Schrunden<\/span><\/p>\n<p><span>***<\/span><\/p>\n<p><span>H\u00fchneraugenbehandlung (Clavi)<\/span><\/p>\n<p><span>***<\/span><\/p>\n<p><span>Spangentherapie (Orthonyxiebehandlung)<\/span><\/p>\n<p><span>***<\/span><\/p>\n<p><span>Mitbehandlung von Mykose und Nagelpilz<\/span><\/p>\n<p><span>***<\/span><\/p>\n<p><span>Orthosenbehandlung\/ Druckschutz<\/span><\/p>\n<p><span>***<\/span><\/p>\n<p><span>Elastisches Tapen mit Leukotape<\/span>&#8220; content_phone=&#8220;<\/p>\n<p><span>Behandlung diabetischer F\u00fc\u00dfe<\/span><\/p>\n<p><span>***<\/span><\/p>\n<p><span>Vorsorge &amp; Beratung<\/span><\/p>\n<p><span>***<\/span><\/p>\n<p><span>Medizinische Fu\u00dfpflege<\/span><\/p>\n<p><span>***<\/span><\/p>\n<p><span>Nagelbehandlung<\/span><\/p>\n<p><span>***<\/span><\/p>\n<p><span>Hornhautentfernung<\/span><\/p>\n<p><span>***<\/span><\/p>\n<p><span>Behandlung von Schwielen\/ Schrunden<\/span><span><\/span><\/p>\n<p><span>***<\/span><\/p>\n<p><span>H\u00fchneraugenbehandlung (Clavi)<\/span><\/p>\n<p><span>***<\/span><\/p>\n<p><span>Spangentherapie (Orthonyxiebehandlung)<\/span><\/p>\n<p><span>***<\/span><\/p>\n<p><span>Mitbehandlung von Mykose und Nagelpilz<\/span><\/p>\n<p><span>***<\/span><\/p>\n<p><span>Orthosenbehandlung\/ Druckschutz<\/span><\/p>\n<p><span>***<\/span><\/p>\n<p><span>Elastisches Tapen mit Leukotape<\/span><\/p>\n<p>&#8220; content_last_edited=&#8220;on|phone&#8220; admin_label=&#8220;Subtitle&#8220; _builder_version=&#8220;4.18.1&#8243; text_font=&#8220;||||||||&#8220; text_font_size=&#8220;16px&#8220; text_line_height=&#8220;1em&#8220; text_orientation=&#8220;center&#8220; max_width=&#8220;700px&#8220; module_alignment=&#8220;center&#8220; custom_margin=&#8220;0px||||false|false&#8220; custom_padding=&#8220;0px||||false|false&#8220; animation_direction=&#8220;top&#8220; hover_enabled=&#8220;0&#8243; global_colors_info=&#8220;{}&#8220; sticky_enabled=&#8220;0&#8243;]<\/p>\n<p><span style=\"color: #333333;\">Behandlung diabetischer F\u00fc\u00dfe<\/span><\/p>\n<p><span style=\"color: #a3a3a3;\">***<\/span><\/p>\n<p><span style=\"color: #333333;\">Vorsorge &amp; Beratung<\/span><\/p>\n<p><span style=\"color: #a3a3a3;\">***<\/span><\/p>\n<p><span style=\"color: #333333;\">Medizinische Fu\u00dfpflege<\/span><\/p>\n<p><span style=\"color: #a3a3a3;\">***<\/span><\/p>\n<p><span style=\"color: #333333;\">Nagelbehandlung<\/span><\/p>\n<p><span style=\"color: #a3a3a3;\">***<\/span><\/p>\n<p><span style=\"color: #333333;\">Hornhautentfernung<\/span><\/p>\n<p><span style=\"color: #a3a3a3;\">***<\/span><\/p>\n<p><span style=\"color: #333333;\">Behandlung von Schwielen\/ Schrunden<\/span><\/p>\n<p><span style=\"color: #a3a3a3;\">***<\/span><\/p>\n<p><span style=\"color: #333333;\">H\u00fchneraugenbehandlung (Clavi)<\/span><\/p>\n<p><span style=\"color: #a3a3a3;\">***<\/span><\/p>\n<p><span style=\"color: #333333;\">Spangentherapie (Orthonyxiebehandlung)<\/span><\/p>\n<p><span style=\"color: #a3a3a3;\">***<\/span><\/p>\n<p><span style=\"color: #333333;\">Mitbehandlung von Mykose und Nagelpilz<\/span><\/p>\n<p><span style=\"color: #a3a3a3;\">***<\/span><\/p>\n<p><span style=\"color: #333333;\">Orthosenbehandlung\/ Druckschutz<\/span><\/p>\n<p><span style=\"color: #a3a3a3;\">***<\/span><\/p>\n<p><span style=\"color: #333333;\">Elastisches Tapen mit Leukotape<\/span><\/p>\n<p>&nbsp;<\/p>\n<p>[\/et_pb_text][et_pb_divider color=&#8220;#2a2a2a&#8220; divider_weight=&#8220;3px&#8220; _builder_version=&#8220;4.16&#8243; max_width=&#8220;50px&#8220; module_alignment=&#8220;center&#8220; custom_margin=&#8220;||10px|&#8220; animation_direction=&#8220;top&#8220; global_colors_info=&#8220;{}&#8220;][\/et_pb_divider][et_pb_text content_tablet=&#8220;<\/p>\n<p style=%22text-align: center;%22><span style=%22color: #0c71c3;%22><strong>Krankenkassenzulassung f\u00fcr alle Krankenkassen<\/strong><\/span><\/p>\n<p style=%22text-align: center;%22><span>Zur Termin\u00advereinbarung rufen Sie mich bitte an oder schreiben Sie mir eine Email.<\/span><\/p>\n<p style=%22text-align: center;%22><span><\/span><\/p>\n<p style=%22text-align: center;%22><span style=%22color: #0c71c3;%22>Telefon: <span>06032-7861665<\/span><\/span><\/p>\n<p style=%22text-align: center;%22><span style=%22color: #0c71c3;%22>Email: <a href=%22mailto:Yvonne.ruhmland@web.de%22 style=%22color: #0c71c3;%22>yvonne.ruhmland@web.de<\/a><\/span><\/p>\n<p style=%22text-align: center;%22><span><\/span><\/p>\n<p style=%22text-align: center;%22><span>Bei Fragen rund um Ihre gesundheitliche Fu\u00dfpflege berate ich Sie gerne.<\/span><\/p>\n<p style=%22text-align: center;%22><span><span style=%22color: #0c71c3;%22>Podologische Komplexbehandlung: 48,-\u20ac<\/span> <\/span><\/p>\n<p>&#8220; content_phone=&#8220;<\/p>\n<p style=%22text-align: center;%22><span style=%22font-size: medium; color: #0c71c3;%22><strong>Krankenkassenzulassung f\u00fcr alle <\/strong><\/span><span style=%22font-size: medium; color: #0c71c3;%22><strong>Krankenkassen<\/strong><\/span><\/p>\n<p style=%22text-align: center;%22><span style=%22font-size: medium; color: #333333;%22>Zur Termin\u00advereinbarung rufen Sie mich bitte an oder schreiben Sie mir eine Email.<\/span><\/p>\n<p style=%22text-align: center;%22><span style=%22font-size: medium; color: #333333;%22><\/span><\/p>\n<p style=%22text-align: center;%22><span style=%22font-size: medium; color: #333333;%22><span style=%22color: #0c71c3;%22>Telefon: <span>06032-7861665<\/span><\/span><\/span><\/p>\n<p style=%22text-align: center;%22><span style=%22font-size: medium; color: #333333;%22><span style=%22color: #0c71c3;%22>Email:<\/span> <span style=%22color: #0c71c3;%22><a href=%22mailto:Yvonne.ruhmland@web.de%22 style=%22color: #0c71c3;%22>yvonne.ruhmland@web.de<\/a><\/span><\/span><\/p>\n<p style=%22text-align: center;%22><span style=%22font-size: medium; color: #333333;%22><span style=%22color: #0c71c3;%22><\/span><\/span><\/p>\n<p style=%22text-align: center;%22><span style=%22font-size: medium; color: #333333;%22>Bei Fragen rund um Ihre gesundheitliche Fu\u00dfpflege berate ich Sie gerne.<\/span><\/p>\n<p style=%22text-align: center;%22><span style=%22font-size: medium; color: #0c71c3;%22>Podologische Komplexbehandlung: 48,-\u20ac <\/span><\/p>\n<p>&#8220; content_last_edited=&#8220;on|phone&#8220; _builder_version=&#8220;4.16&#8243; custom_padding=&#8220;0px||59px|||&#8220; global_colors_info=&#8220;{}&#8220;]<\/p>\n<p style=\"text-align: center;\"><span style=\"font-size: medium; color: #0c71c3;\"><strong>Krankenkassenzulassung f\u00fcr alle Krankenkassen<\/strong><\/span><\/p>\n<p style=\"text-align: center;\"><span style=\"font-size: medium; color: #333333;\">Zur Termin\u00advereinbarung rufen Sie mich bitte an oder schreiben Sie mir eine Email.<\/span><\/p>\n<p style=\"text-align: center;\"><span style=\"font-size: medium; color: #333333;\"><\/span><\/p>\n<p style=\"text-align: center;\"><span style=\"font-size: medium; color: #333333;\"><span style=\"color: #0c71c3;\">Telefon: 06032-7861665<\/span><\/span><\/p>\n<p style=\"text-align: center;\"><span style=\"font-size: medium; color: #333333;\"><span style=\"color: #0c71c3;\">Email:<\/span>\u00a0<span style=\"color: #0c71c3;\"><a href=\"mailto:Yvonne.ruhmland@web.de\" style=\"color: #0c71c3;\">yvonne.ruhmland@web.de<\/a><\/span><\/span><\/p>\n<p style=\"text-align: center;\"><span style=\"font-size: medium; color: #333333;\"><span style=\"color: #0c71c3;\"><\/span><\/span><\/p>\n<p style=\"text-align: center;\"><span style=\"font-size: medium; color: #333333;\">Bei Fragen rund um Ihre gesundheitliche Fu\u00dfpflege berate ich Sie gerne.<\/span><\/p>\n<p style=\"text-align: center;\"><span style=\"font-size: medium; color: #0c71c3;\">Podologische Komplexbehandlung: 48,-\u20ac<\/span><\/p>\n<p>[\/et_pb_text][\/et_pb_column][\/et_pb_row][\/et_pb_section][et_pb_section fb_built=&#8220;1&#8243; admin_label=&#8220;Promo Banner&#8220; _builder_version=&#8220;4.16&#8243; background_color=&#8220;#747d88&#8243; custom_padding=&#8220;0px|0px|0px|0px&#8220; locked=&#8220;off&#8220; global_colors_info=&#8220;{}&#8220;][et_pb_row _builder_version=&#8220;4.16&#8243; global_colors_info=&#8220;{}&#8220;][et_pb_column type=&#8220;4_4&#8243; _builder_version=&#8220;4.16&#8243; custom_padding=&#8220;|||&#8220; global_colors_info=&#8220;{}&#8220; custom_padding__hover=&#8220;|||&#8220;][et_pb_text content_tablet=&#8220;&#8220; content_phone=&#8220;&#8220; content_last_edited=&#8220;on|phone&#8220; _builder_version=&#8220;4.16&#8243; text_font=&#8220;Alice||on||||||&#8220; text_text_color=&#8220;#ffffff&#8220; custom_padding=&#8220;1px|||||&#8220; global_colors_info=&#8220;{}&#8220;]<\/p>\n<h1 style=\"text-align: center;\"><span style=\"color: #ffffff;\">Mit gesunden F\u00fc\u00dfen durch ein bewegtes Leben.<\/span><\/h1>\n<p>[\/et_pb_text][\/et_pb_column][\/et_pb_row][\/et_pb_section][et_pb_section fb_built=&#8220;1&#8243; admin_label=&#8220;Special Offer Section&#8220; _builder_version=&#8220;4.16&#8243; background_color=&#8220;#e7efef&#8220; use_background_color_gradient=&#8220;on&#8220; background_color_gradient_direction=&#8220;90deg&#8220; background_color_gradient_stops=&#8220;rgba(235,235,235,0) 0%|#ebebeb 70%&#8220; background_color_gradient_overlays_image=&#8220;on&#8220; background_color_gradient_start=&#8220;rgba(235,235,235,0)&#8220; background_color_gradient_end=&#8220;#ebebeb&#8220; background_color_gradient_end_position=&#8220;70%&#8220; background_image=&#8220;https:\/\/podologie-ruhmland.de\/wp-content\/uploads\/2020\/04\/AdobeStock_183702310-scaled.jpeg&#8220; custom_margin=&#8220;||-68px|||&#8220; custom_padding=&#8220;5.4%|0px|4.5%|0px||&#8220; global_colors_info=&#8220;{}&#8220;][et_pb_row _builder_version=&#8220;4.16&#8243; custom_margin=&#8220;|auto|-60px|auto||&#8220; global_colors_info=&#8220;{}&#8220;][et_pb_column type=&#8220;4_4&#8243; _builder_version=&#8220;4.16&#8243; global_colors_info=&#8220;{}&#8220;][et_pb_text admin_label=&#8220;Title&#8220; module_id=&#8220;Qualifikationen&#8220; _builder_version=&#8220;4.16&#8243; text_font=&#8220;||||||||&#8220; header_font=&#8220;||||||||&#8220; header_2_font=&#8220;Alice||||||||&#8220; header_2_text_align=&#8220;center&#8220; header_2_font_size=&#8220;40px&#8220; header_2_line_height=&#8220;1.3em&#8220; custom_margin=&#8220;||20px|&#8220; animation_direction=&#8220;top&#8220; global_colors_info=&#8220;{}&#8220;]<\/p>\n<h2>Qualifikationen<\/h2>\n<p>[\/et_pb_text][\/et_pb_column][\/et_pb_row][et_pb_row column_structure=&#8220;2_5,3_5&#8243; _builder_version=&#8220;4.16&#8243; global_colors_info=&#8220;{}&#8220;][et_pb_column type=&#8220;2_5&#8243; _builder_version=&#8220;4.16&#8243; global_colors_info=&#8220;{}&#8220;][et_pb_image src=&#8220;https:\/\/podologie-ruhmland.de\/wp-content\/uploads\/2020\/04\/Yvonne_03.jpg&#8220; align=&#8220;center&#8220; src_tablet=&#8220;https:\/\/podologie-ruhmland.de\/wp-content\/uploads\/2020\/04\/Yvonne_03.jpg&#8220; src_phone=&#8220;https:\/\/podologie-ruhmland.de\/wp-content\/uploads\/2020\/04\/Yvonne_03.jpg&#8220; src_last_edited=&#8220;on|phone&#8220; _builder_version=&#8220;4.16&#8243; global_colors_info=&#8220;{}&#8220;][\/et_pb_image][\/et_pb_column][et_pb_column type=&#8220;3_5&#8243; _builder_version=&#8220;4.16&#8243; global_colors_info=&#8220;{}&#8220;][et_pb_text content_tablet=&#8220;<\/p>\n<p><strong><span>April 2018 bis M\u00e4rz 2020<\/span><\/strong><\/p>\n<p>Ausbildung zur Podologin am Berufsbildungswerk maxQ. In Frankfurt am Main (in Teilzeit)<\/p>\n<p>Abschluss: <strong>Podologin<\/strong><\/p>\n<p><strong><span>2014 bis 2020<\/span><\/strong><\/p>\n<p>Als Arzthelferin t\u00e4tig<\/p>\n<p><strong><span>1996 bis 2014<\/span><\/strong><\/p>\n<p>Als Krankenschwester t\u00e4tig<\/p>\n<p><strong><\/strong><\/p>\n<p><strong>Juli 2012 bis September 2012<\/strong><\/p>\n<p>Schulung Theorie und Praxis der professionellen Fu\u00dfpflege an der Kosmetikschule Friedberg (Hessen)<\/p>\n<p>Abschluss: <strong>Professionelle Fu\u00dfpflegerin<\/strong><\/p>\n<p><strong><\/strong><\/p>\n<p><strong>Februar 2010 bis M\u00e4rz 2010<\/strong><\/p>\n<p>Grundqualifizierung f\u00fcr Kindertagespflegepersonal am Jugendamt Wetteraukreis in Friedberg (Hessen)<\/p>\n<p>Abschluss: <strong>Qualifizierte Kindertagespflegerin<\/strong><\/p>\n<p><strong><\/strong><\/p>\n<p><strong>Oktober 1993 bis Oktober 1996<\/strong><\/p>\n<p>Krankenschwester an der Krankenpflegeschule der St\u00e4dtischen Kliniken in Frankfurt am Main\/H\u00f6chst<\/p>\n<p>Abschluss: <strong>Examinierte Krankenschwester<\/strong><\/p>\n<p>&#8220; content_phone=&#8220;<\/p>\n<p><strong><span>April 2018 bis M\u00e4rz 2020<\/span><\/strong><\/p>\n<p>Ausbildung zur Podologin am Berufsbildungswerk maxQ. In Frankfurt am Main (in Teilzeit)<\/p>\n<p>Abschluss: <strong>Podologin<\/strong><\/p>\n<p><strong><span>2014 bis 2020<\/span><\/strong><\/p>\n<p>Als Arzthelferin t\u00e4tig<\/p>\n<p><strong><span>1996 bis 2014<\/span><\/strong><\/p>\n<p>Als Krankenschwester t\u00e4tig<\/p>\n<p><strong>Juli 2012 bis September 2012<\/strong><\/p>\n<p>Schulung Theorie und Praxis der professionellen Fu\u00dfpflege an der Kosmetikschule Friedberg (Hessen)<\/p>\n<p>Abschluss: <strong>Professionelle Fu\u00dfpflegerin<\/strong><\/p>\n<p><strong><\/strong><\/p>\n<p><strong>Februar 2010 bis M\u00e4rz 2010<\/strong><\/p>\n<p>Grundqualifizierung f\u00fcr Kindertagespflegepersonal am Jugendamt Wetteraukreis in Friedberg (Hessen)<\/p>\n<p>Abschluss: <strong>Qualifizierte Kindertagespflegerin<\/strong><\/p>\n<p><strong><\/strong><\/p>\n<p><strong>Oktober 1993 bis Oktober 1996<\/strong><\/p>\n<p>Krankenschwester an der Krankenpflegeschule der St\u00e4dtischen Kliniken in Frankfurt am Main\/H\u00f6chst<\/p>\n<p>Abschluss: <strong>Examinierte Krankenschwester<\/strong><\/p>\n<p>&#8220; content_last_edited=&#8220;on|tablet&#8220; _builder_version=&#8220;4.16&#8243; text_font=&#8220;||||||||&#8220; inline_fonts=&#8220;ABeeZee&#8220; global_colors_info=&#8220;{}&#8220;]<\/p>\n<p><strong><span style=\"font-family: inherit;\">April 2018 bis M\u00e4rz 2020<\/span><\/strong><\/p>\n<p>Ausbildung zur Podologin am Berufsbildungswerk maxQ. In Frankfurt am Main (in Teilzeit)<\/p>\n<p>Abschluss: <strong>Podologin<\/strong><\/p>\n<p><strong><span>2014 bis 2020<\/span><\/strong><\/p>\n<p>Als Arzthelferin t\u00e4tig<\/p>\n<p><strong><span>1996 bis 2014<\/span><\/strong><\/p>\n<p>Als Krankenschwester t\u00e4tig<\/p>\n<p><strong><\/strong><\/p>\n<p><strong>Juli 2012 bis September 2012<\/strong><\/p>\n<p>Schulung Theorie und Praxis der professionellen Fu\u00dfpflege an der Kosmetikschule Friedberg (Hessen)<\/p>\n<p>Abschluss: <strong>Professionelle Fu\u00dfpflegerin<\/strong><\/p>\n<p><strong><\/strong><\/p>\n<p><strong>Februar 2010 bis M\u00e4rz 2010<\/strong><\/p>\n<p>Grundqualifizierung f\u00fcr Kindertagespflegepersonal am Jugendamt Wetteraukreis in Friedberg (Hessen)<\/p>\n<p>Abschluss: <strong>Qualifizierte Kindertagespflegerin<\/strong><\/p>\n<p><strong><\/strong><\/p>\n<p><strong>Oktober 1993 bis Oktober 1996<\/strong><\/p>\n<p>Krankenschwester an der Krankenpflegeschule der St\u00e4dtischen Kliniken in Frankfurt am Main\/H\u00f6chst<\/p>\n<p>Abschluss: <strong>Examinierte Krankenschwester<\/strong><\/p>\n<p>[\/et_pb_text][\/et_pb_column][\/et_pb_row][\/et_pb_section][et_pb_section fb_built=&#8220;1&#8243; admin_label=&#8220;Promo Banner&#8220; _builder_version=&#8220;4.16&#8243; background_color=&#8220;#a3a3a3&#8243; background_enable_image=&#8220;off&#8220; width=&#8220;100%&#8220; min_height=&#8220;93px&#8220; height=&#8220;100px&#8220; max_height=&#8220;100px&#8220; custom_margin=&#8220;68px||-108px|||&#8220; custom_padding=&#8220;0px|0px|10px|0px||&#8220; locked=&#8220;off&#8220; global_colors_info=&#8220;{}&#8220;][\/et_pb_section][et_pb_section fb_built=&#8220;1&#8243; admin_label=&#8220;Promo Banner&#8220; _builder_version=&#8220;4.16&#8243; background_color=&#8220;rgba(249,240,227,0.52)&#8220; min_height=&#8220;275px&#8220; custom_margin=&#8220;107px|||||&#8220; custom_padding=&#8220;39px|0px|0px|0px||&#8220; global_colors_info=&#8220;{}&#8220;][et_pb_row _builder_version=&#8220;4.16&#8243; custom_margin=&#8220;-32px|auto||auto||&#8220; custom_padding=&#8220;||5px|||&#8220; global_colors_info=&#8220;{}&#8220;][et_pb_column type=&#8220;4_4&#8243; _builder_version=&#8220;4.16&#8243; custom_padding=&#8220;|||&#8220; global_colors_info=&#8220;{}&#8220; custom_padding__hover=&#8220;|||&#8220;][et_pb_text admin_label=&#8220;Title&#8220; module_id=&#8220;Aktuelles&#8220; _builder_version=&#8220;4.16&#8243; text_font=&#8220;||||||||&#8220; header_font=&#8220;||||||||&#8220; header_2_font=&#8220;Alice||||||||&#8220; header_2_text_align=&#8220;center&#8220; header_2_font_size=&#8220;40px&#8220; custom_margin=&#8220;||20px|&#8220; animation_direction=&#8220;top&#8220; global_colors_info=&#8220;{}&#8220;]<\/p>\n<h2>Aktuelle Informationen<\/h2>\n<p>[\/et_pb_text][\/et_pb_column][\/et_pb_row][et_pb_row _builder_version=&#8220;4.16&#8243; custom_margin=&#8220;-32px|auto||auto||&#8220; global_colors_info=&#8220;{}&#8220;][et_pb_column type=&#8220;4_4&#8243; _builder_version=&#8220;4.16&#8243; global_colors_info=&#8220;{}&#8220;][et_pb_blog posts_number=&#8220;3&#8243; include_categories=&#8220;all&#8220; show_author=&#8220;off&#8220; show_date=&#8220;off&#8220; show_categories=&#8220;off&#8220; _builder_version=&#8220;4.18.1&#8243; header_level=&#8220;h1&#8243; header_font=&#8220;Alice|700|||||||&#8220; header_font_size=&#8220;19px&#8220; body_text_color=&#8220;#333333&#8243; text_orientation=&#8220;center&#8220; min_height=&#8220;192px&#8220; custom_margin=&#8220;|4px|-120px|-4px|false|false&#8220; custom_padding=&#8220;|25px|0px|25px|false|false&#8220; hover_enabled=&#8220;0&#8243; global_colors_info=&#8220;{}&#8220; sticky_enabled=&#8220;0&#8243; module_alignment=&#8220;center&#8220;][\/et_pb_blog][\/et_pb_column][\/et_pb_row][\/et_pb_section][et_pb_section fb_built=&#8220;1&#8243; admin_label=&#8220;Promo Banner&#8220; _builder_version=&#8220;4.16&#8243; background_color=&#8220;#a3a3a3&#8243; min_height=&#8220;93px&#8220; custom_margin=&#8220;-2px||-50px|||&#8220; custom_padding=&#8220;14px|0px|0px|0px||&#8220; locked=&#8220;off&#8220; global_colors_info=&#8220;{}&#8220;][\/et_pb_section][et_pb_section fb_built=&#8220;1&#8243; admin_label=&#8220;Footer Section&#8220; _builder_version=&#8220;4.16&#8243; background_image=&#8220;https:\/\/podologie-ruhmland.de\/wp-content\/uploads\/2020\/04\/florist-01.jpg&#8220; parallax=&#8220;on&#8220; min_height=&#8220;528px&#8220; custom_margin=&#8220;49px|||||&#8220; custom_padding=&#8220;120px||110px|||&#8220; background_last_edited=&#8220;on|tablet&#8220; parallax_tablet=&#8220;off&#8220; parallax_phone=&#8220;off&#8220; parallax_method_phone=&#8220;on&#8220; background_size_tablet=&#8220;cover&#8220; background_position_tablet=&#8220;center_left&#8220; background_position_phone=&#8220;center_left&#8220; background_blend_tablet=&#8220;normal&#8220; global_colors_info=&#8220;{}&#8220;][et_pb_row _builder_version=&#8220;4.16&#8243; custom_margin=&#8220;-89px|auto||auto||&#8220; global_colors_info=&#8220;{}&#8220;][et_pb_column type=&#8220;4_4&#8243; _builder_version=&#8220;4.16&#8243; global_colors_info=&#8220;{}&#8220;][et_pb_text admin_label=&#8220;Title&#8220; module_id=&#8220;Anfahrt&#8220; _builder_version=&#8220;4.16&#8243; text_font=&#8220;||||||||&#8220; header_font=&#8220;||||||||&#8220; header_2_font=&#8220;Alice||||||||&#8220; header_2_text_align=&#8220;center&#8220; header_2_font_size=&#8220;40px&#8220; custom_margin=&#8220;||20px|&#8220; animation_direction=&#8220;top&#8220; global_colors_info=&#8220;{}&#8220;]<\/p>\n<h2>Kontakt &amp; Anfahrt<\/h2>\n<p>[\/et_pb_text][et_pb_text content_tablet=&#8220;<\/p>\n<p><strong><span style=%22color: #333333;%22>Podologische Therapiepraxis<\/span><\/strong><\/p>\n<p><span style=%22color: #333333;%22>Yvonne Ruhmland<\/span><\/p>\n<p><span style=%22color: #333333;%22>Weingartenstra\u00dfe 55<\/span><\/p>\n<p><span style=%22color: #333333;%22>61231 Bad Nauheim (Nieder-M\u00f6rlen)<\/span><\/p>\n<p style=%22text-align: left;%22><span style=%22color: #333333;%22>Telefon | <span>06032-7861665<\/span><\/span><\/p>\n<p style=%22text-align: left;%22><span style=%22color: #333333;%22>Email | Yvonne.ruhmland@web.de<\/span><\/p>\n<p>&#8220; content_phone=&#8220;<strong><span>Podologische Therapiepraxis<\/span><\/strong><\/p>\n<p><span>Yvonne Ruhmland<\/span><\/p>\n<p><span>Weingartenstra\u00dfe 55<\/span><\/p>\n<p><span>61231 Bad Nauheim (Nieder-M\u00f6rlen)<\/span><\/p>\n<p style=%22text-align: left;%22><span>Telefon | 06032-7861665<\/span><\/p>\n<p style=%22text-align: left;%22><span>Email | Yvonne.ruhmland@web.de<\/span><\/p>\n<p>&#8220; content_last_edited=&#8220;on|phone&#8220; _builder_version=&#8220;4.18.1&#8243; text_line_height=&#8220;1em&#8220; hover_enabled=&#8220;0&#8243; global_colors_info=&#8220;{}&#8220; sticky_enabled=&#8220;0&#8243;]<\/p>\n<p><strong><span style=\"color: #333333;\">Podologische Therapiepraxis<\/span><\/strong><\/p>\n<p><span style=\"color: #333333;\">Yvonne Ruhmland<\/span><\/p>\n<p><span style=\"color: #333333;\">Weingartenstra\u00dfe 55<\/span><\/p>\n<p><span style=\"color: #333333;\">61231 Bad Nauheim (Nieder-M\u00f6rlen)<\/span><\/p>\n<p><span style=\"color: #333333;\">Telefon | 06032-7861665<\/span><\/p>\n<p><span style=\"color: #333333;\">Email |\u00a0Yvonne.ruhmland@web.de<\/span><\/p>\n<p>[\/et_pb_text][\/et_pb_column][\/et_pb_row][\/et_pb_section]<\/p>\n","protected":false},"excerpt":{"rendered":"<p>Podologische Praxis Yvonne RuhmlandIhre F\u00fc\u00dfe in besten H\u00e4nden.LeistungenBehandlung diabetischer F\u00fc\u00dfe *** Vorsorge &amp; Beratung *** Medizinische Fu\u00dfpflege *** Nagelbehandlung *** Hornhautentfernung *** Behandlung von Schwielen\/ Schrunden *** H\u00fchneraugenbehandlung (Clavi) *** Spangentherapie (Orthonyxiebehandlung) *** Mitbehandlung von Mykose und Nagelpilz *** Orthosenbehandlung\/ Druckschutz *** Elastisches Tapen mit Leukotape &nbsp;Krankenkassenzulassung f\u00fcr alle Krankenkassen Zur Termin\u00advereinbarung rufen Sie mich [&hellip;]<\/p>\n","protected":false},"author":1,"featured_media":0,"parent":0,"menu_order":0,"comment_status":"closed","ping_status":"closed","template":"","meta":{"_et_pb_use_builder":"on","_et_pb_old_content":"","_et_gb_content_width":"","footnotes":""},"class_list":["post-5","page","type-page","status-publish","hentry"],"_links":{"self":[{"href":"https:\/\/podologie-ruhmland.de\/index.php?rest_route=\/wp\/v2\/pages\/5","targetHints":{"allow":["GET"]}}],"collection":[{"href":"https:\/\/podologie-ruhmland.de\/index.php?rest_route=\/wp\/v2\/pages"}],"about":[{"href":"https:\/\/podologie-ruhmland.de\/index.php?rest_route=\/wp\/v2\/types\/page"}],"author":[{"embeddable":true,"href":"https:\/\/podologie-ruhmland.de\/index.php?rest_route=\/wp\/v2\/users\/1"}],"replies":[{"embeddable":true,"href":"https:\/\/podologie-ruhmland.de\/index.php?rest_route=%2Fwp%2Fv2%2Fcomments&post=5"}],"version-history":[{"count":72,"href":"https:\/\/podologie-ruhmland.de\/index.php?rest_route=\/wp\/v2\/pages\/5\/revisions"}],"predecessor-version":[{"id":2252,"href":"https:\/\/podologie-ruhmland.de\/index.php?rest_route=\/wp\/v2\/pages\/5\/revisions\/2252"}],"wp:attachment":[{"href":"https:\/\/podologie-ruhmland.de\/index.php?rest_route=%2Fwp%2Fv2%2Fmedia&parent=5"}],"curies":[{"name":"wp","href":"https:\/\/api.w.org\/{rel}","templated":true}]}}