{"id":2026,"date":"2020-04-04T08:40:35","date_gmt":"2020-04-04T08:40:35","guid":{"rendered":"http:\/\/sulimma.net\/?page_id=2026"},"modified":"2020-04-04T18:36:19","modified_gmt":"2020-04-04T18:36:19","slug":"datenschutzerklaerung","status":"publish","type":"page","link":"https:\/\/podologie-ruhmland.de\/?page_id=2026","title":{"rendered":"Datenschutzerkl\u00e4rung"},"content":{"rendered":"<p>[et_pb_section fb_built=&#8220;1&#8243; _builder_version=&#8220;3.22&#8243; background_color=&#8220;#ededed&#8220;][et_pb_row _builder_version=&#8220;3.25&#8243; background_size=&#8220;initial&#8220; background_position=&#8220;top_left&#8220; background_repeat=&#8220;repeat&#8220; module_alignment=&#8220;center&#8220;][et_pb_column type=&#8220;4_4&#8243; _builder_version=&#8220;3.25&#8243; custom_padding=&#8220;|||&#8220; custom_padding__hover=&#8220;|||&#8220;][et_pb_text _builder_version=&#8220;4.4.2&#8243; background_size=&#8220;initial&#8220; background_position=&#8220;top_left&#8220; background_repeat=&#8220;repeat&#8220; hover_enabled=&#8220;0&#8243;]<\/p>\n<h3 style=\"text-align: left;\"><span style=\"text-decoration: underline;\"><span style=\"color: #000000; text-decoration: underline;\">Allgemeine Angaben<\/span><\/span><\/h3>\n<p><span style=\"text-decoration: underline;\"><span style=\"color: #000000; text-decoration: underline;\"><\/span><\/span><\/p>\n<p><span style=\"color: #000000;\">Angaben zur verantwortlichen Stelle<\/span><\/p>\n<p><span style=\"color: #000000;\">Freiberuflerin: Yvonne Ruhmland<\/span><\/p>\n<p><span style=\"color: #000000;\">Adresse:\u00a0S\u00f6deler Stra\u00dfe 26, 61231 Bad Nauheim<\/span><\/p>\n<p><span style=\"color: #000000;\"><\/span><\/p>\n<p><span style=\"color: #000000;\"><strong><\/strong><\/span><\/p>\n<h3 style=\"text-align: center;\"><span style=\"color: #000000;\"><\/span><\/h3>\n<h3 style=\"text-align: center;\"><span style=\"color: #000000;\"><\/span><\/h3>\n<h3 style=\"text-align: left;\"><span style=\"text-decoration: underline;\"><span style=\"color: #000000; text-decoration: underline;\">Allgemeine Datenverarbeitungs-Informationen<\/span><\/span><\/h3>\n<p><span style=\"color: #000000;\"><\/span><\/p>\n<p><span style=\"text-decoration: underline;\"><span style=\"color: #000000; text-decoration: underline;\">Betroffene Daten:<\/span><\/span><\/p>\n<p><span style=\"color: #000000;\">Personenbezogene Daten werden nur erhoben, wenn Sie uns diese von sich aus mitteilen. Dar\u00fcber hinaus werden keine personenbezogenen Daten erhoben. Eine \u00fcber die Reichweite der gesetzlichen Erlaubnistatbest\u00e4nde hinausgehende Verarbeitung Ihrer personenbezogenen Daten erfolgt nur auf Grundlage Ihrer ausdr\u00fccklichen Einwilligung.<\/span><\/p>\n<p><span style=\"text-decoration: underline;\"><span style=\"color: #000000; text-decoration: underline;\">Verarbeitungszweck:<\/span><\/span><\/p>\n<p><span style=\"color: #000000;\">Vertragsdurchf\u00fchrung.<\/span><\/p>\n<p><span style=\"text-decoration: underline;\"><span style=\"color: #000000; text-decoration: underline;\">Kategorien von Empf\u00e4ngern:<\/span><\/span><\/p>\n<p><span style=\"color: #000000;\">&#8211; \u00d6ffentliche Stellen bei Vorliegen vorrangiger Rechtsvorschriften.<\/span><\/p>\n<p><span style=\"color: #000000;\">&#8211; Externe Dienstleister oder sonstige Auftragnehmer.<\/span><\/p>\n<p><span style=\"color: #000000;\">&#8211; Weitere externe Stellen soweit der Betroffene seine Einwilligung erteilt hat oder eine \u00dcbermittlung aus \u00fcberwiegendem Interesse zul\u00e4ssig ist.<\/span><\/p>\n<p><span style=\"text-decoration: underline;\"><span style=\"color: #000000; text-decoration: underline;\">Drittlandtransfers:<\/span><\/span><\/p>\n<p><span style=\"color: #000000;\">Im Rahmen der Vertragsdurchf\u00fchrung k\u00f6nnen auch Auftragsverarbeiter au\u00dferhalb der Europ\u00e4ischen Union zum Einsatz kommen.<\/span><\/p>\n<p><span style=\"text-decoration: underline;\"><span style=\"color: #000000; text-decoration: underline;\">Dauer Datenspeicherung:<\/span><\/span><\/p>\n<p><span style=\"color: #000000;\">Die Dauer der Datenspeicherung richtet sich nach den gesetzlichen Aufbewahrungspflichten und betr\u00e4gt in der Regel 10 Jahre.<\/span><\/p>\n<p><span style=\"color: #000000;\"><\/span><\/p>\n<p>&nbsp;<\/p>\n<h3 style=\"text-align: left;\"><span style=\"text-decoration: underline;\"><span style=\"color: #000000; text-decoration: underline;\">Spezifische Angaben zur Website<\/span><\/span><\/h3>\n<p><span style=\"color: #000000;\"><\/span><\/p>\n<p><span style=\"color: #000000;\"><strong><\/strong><\/span><\/p>\n<h4 style=\"text-align: left;\"><strong><span color=\"#000000\" style=\"color: #000000;\">Angaben zum Internetdienstanbieter<\/span><\/strong><\/h4>\n<p style=\"text-align: left;\"><span style=\"color: #000000;\">Diese Website liegt auf einem Server des deutschen Internetdienstanbieters STRATO (STRATO AG, Pascalstr. 10, 10587 Berlin). Die STRATO AG betreibt Rechenzentren in Berlin und Karlsruhe.<\/span><\/p>\n<p style=\"text-align: left;\"><span style=\"color: #000000;\">Jeder Zugriff auf diese Website wird vom STRATO-Server registriert und automatisch protokolliert. Der STRATO-Server erhebt und speichert\u00a0hierzu tempor\u00e4r folgende Verbindungsdaten in sogenannten &#8222;Logfiles&#8220; (Protokolldateien):\u00a0<\/span><\/p>\n<p align=\"JUSTIFY\"><span color=\"#000000\" style=\"color: #000000;\"><span face=\"Verdana, sans-serif\">Kunden-Domain, Anonymisierte Client-IP, Request-Zeile, Timestamp, Status Code, Gr\u00f6\u00dfe des Response Bodies, Referer, der vom Client gesendet wurde, User Agent, der vom Client gesendet wurde, Remote User. Eine genauere Erl\u00e4uterung zu den Strato Logfiles finden Sie\u00a0<a href=\"https:\/\/strato.de\/blog\/dsgvo-logfiles\/\">hier<\/a>\u00a0auf der Strato Website.<\/span><\/span><\/p>\n<p align=\"JUSTIFY\"><span color=\"#000000\" style=\"color: #000000;\"><span face=\"Verdana, sans-serif\">Die genannten Daten werden von STRATO erhoben und verarbeitet, damit eine reibungslose Nutzung der Website sichergestellt wird. Dar\u00fcber hinaus verarbeitet und speichert STRATO die Daten, um seine eigenen Dienste zu verbessern, um Angriffe erkennen und abwehren zu k\u00f6nnen und um Statistiken \u00fcber die Website-Besucher anzubieten. Somit\u00a0besteht ein berechtigtes Interesse an der Datenerhebung gem. Art. 6 Abs. 1 Satz 1 lit. f) DSGVO.<\/span><\/span><\/p>\n<p align=\"JUSTIFY\"><span color=\"#000000\" style=\"color: #000000;\"><span face=\"Verdana, sans-serif\">Zur Erkennung von Angriffen speichert STRATO nicht anonymisierte IP-Adressen maximal sieben Tage. Danach werden sie unwiderruflich anonymisiert. Kunden &#8211; wie ich als Betreiber der Website trendsketcher.de &#8211; k\u00f6nnen IP-Adressen jedoch ausschlie\u00dflich und dauerhaft anonymisiert einsehen. Es ist mir somit nicht m\u00f6glich Sie als individuellen Nutzer meiner Website zu identifizieren.\u00a0<\/span><\/span><\/p>\n<p style=\"text-align: left;\"><span style=\"color: #000000;\">Ich habe mit Strato einen Vertrag zur Auftragsverarbeitung abgeschlossen.<\/span><\/p>\n<p>&nbsp;<\/p>\n<h4><span style=\"color: #000000;\"><strong>Einsatz von \u201eCookies\u201c<\/strong><\/span><\/h4>\n<p><span style=\"color: #000000;\">Diese Website verwendet einen einzigen Cookie, der auf ihrem Rechner gespeichert wird, wenn Sie das Banner schlie\u00dfen, welches \u00fcber diese Datenschutzerkl\u00e4rung informiert. Dieser Cookie merkt sich f\u00fcr einen Tag, dass Sie das Banner geschlossen haben. Nach einem Tag verliert der Cookie seine G\u00fcltigkeit.<\/span><\/p>\n<p><span style=\"color: #000000;\">Ansonsten verwendet diese Website keine Cookies (weder Erst- noch Drittanbieter-Cookies)<\/span><\/p>\n<p>&nbsp;<\/p>\n<h4><span style=\"color: #000000;\"><strong>Einbindung von Diensten und Inhalten Dritter<\/strong><\/span><\/h4>\n<p><span style=\"color: #000000;\">Es kann vorkommen, dass innerhalb unseres Onlineangebotes Inhalte oder Dienste von Dritt-Anbietern, wie zum Beispiel Schriftarten von anderen Webseiten oder Videos eingebunden werden. Die Einbindung von Inhalten der Dritt-Anbieter setzt immer voraus, dass die Dritt-Anbieter die IP-Adresse der Nutzer wahrnehmen, da sie ohne die IP-Adresse die Inhalte nicht an den Browser der Nutzer senden k\u00f6nnten. Die IP-Adresse ist damit f\u00fcr die Darstellung dieser Inhalte erforderlich. Des Weiteren k\u00f6nnen die Anbieter der Dritt-Inhalte eigene Cookies setzen und die Daten der Nutzer f\u00fcr eigene Zwecke verarbeiten. Dabei k\u00f6nnen aus den verarbeiteten Daten Nutzungsprofile der Nutzer erstellt werden. Wir werden diese Inhalte m\u00f6glichst datensparsam und datenvermeidend einsetzen sowie im Hinblick auf die Datensicherheit zuverl\u00e4ssige Dritt-Anbieter w\u00e4hlen.<\/span><\/p>\n<p><span style=\"color: #000000;\">Die nachfolgende Darstellung bietet eine \u00dcbersicht von Dritt-Anbietern sowie ihrer Inhalte, nebst Links zu deren Datenschutzerkl\u00e4rungen, welche weitere Hinweise zur Verarbeitung von Daten und, z.T. bereits hier genannt, Widerspruchsm\u00f6glichkeiten (sog. Opt-Out) enthalten:<\/span><\/p>\n<p><span style=\"color: #000000;\">\u2013 Externe Schriftarten von Google, Inc., https:\/\/www.google.com\/fonts (\u201eGoogle Fonts\u201c). Die Einbindung der Google Fonts erfolgt durch einen Serveraufruf bei Google (in der Regel in den USA). Datenschutzerkl\u00e4rung: https:\/\/www.google.com\/policies\/privacy\/, Opt-Out:\u00a0<a href=\"https:\/\/www.google.com\/settings\/ads\/\" style=\"color: #000000;\">https:\/\/www.google.com\/settings\/ads\/<\/a>.<\/span><\/p>\n<p>&nbsp;<\/p>\n<h3><span style=\"text-decoration: underline;\"><span style=\"color: #000000;\">Spezifische Angaben zur Verarbeitung von Kundendaten\/Interessentendaten<\/span><\/span><\/h3>\n<p><span style=\"text-decoration: underline;\"><span style=\"color: #000000;\"><\/span><\/span><\/p>\n<p><span style=\"text-decoration: underline;\"><span style=\"color: #000000; text-decoration: underline;\">Betroffene Daten:<\/span><\/span><\/p>\n<p><span style=\"color: #000000;\">Zur Vertragsdurchf\u00fchrung mitgeteilte Daten; ggfs. dar\u00fcber hinaus gehende Daten zur Verarbeitung auf Basis Ihrer ausdr\u00fccklichen Einwilligung.<\/span><\/p>\n<p><span style=\"text-decoration: underline;\"><span style=\"color: #000000; text-decoration: underline;\">Verarbeitungszweck:<\/span><\/span><\/p>\n<p><span style=\"color: #000000;\">Vertragsdurchf\u00fchrung, u.a. Angebote, Auftr\u00e4ge, Verkauf und Rechnungsstellung, Qualit\u00e4tssicherung<\/span><\/p>\n<p><span style=\"text-decoration: underline;\"><span style=\"color: #000000; text-decoration: underline;\">Kategorien von Empf\u00e4ngern:<\/span><\/span><\/p>\n<p><span style=\"color: #000000;\">&#8211; \u00d6ffentliche Stellen bei Vorliegen vorrangiger Rechtsvorschriften<\/span><\/p>\n<p><span style=\"color: #000000;\">&#8211; Externe Dienstleister oder sonstige Auftragnehmer, u.a. zur Datenverarbeitung und Hosting (STRATO AG)<\/span><\/p>\n<p><span style=\"color: #000000;\">&#8211; Weitere externe Stellen soweit der Betroffene seine Einwilligung erteilt hat oder eine \u00dcbermittlung aus \u00fcberwiegendem Interesse zul\u00e4ssig ist, u.a. zum elektronischen Versand von Informationen, zu Qualit\u00e4tssicherungszwecken<\/span><\/p>\n<p><span style=\"text-decoration: underline;\"><span style=\"color: #000000; text-decoration: underline;\">Drittlandtransfers:<\/span><\/span><\/p>\n<p><span style=\"color: #000000;\">\u2013 Keiner \u2013<\/span><\/p>\n<p><span style=\"text-decoration: underline;\"><span style=\"color: #000000; text-decoration: underline;\">Dauer Datenspeicherung:<\/span><\/span><\/p>\n<p><span style=\"color: #000000;\">Die Dauer der Datenspeicherung richtet sich nach den gesetzlichen Aufbewahrungspflichten und betr\u00e4gt in der Regel 10 Jahre.<\/span><\/p>\n<p><span style=\"color: #000000;\"><\/span><\/p>\n<p>&nbsp;<\/p>\n<p>&nbsp;<\/p>\n<h3><span style=\"text-decoration: underline;\"><span style=\"color: #000000; text-decoration: underline;\">Spezifische Angaben zur Verarbeitung von Lieferantendaten<\/span><\/span><\/h3>\n<p><span style=\"text-decoration: underline;\"><span style=\"color: #000000; text-decoration: underline;\"><\/span><\/span><\/p>\n<p><span style=\"text-decoration: underline;\"><span style=\"color: #000000; text-decoration: underline;\">Betroffene Daten:<\/span><\/span><\/p>\n<p><span style=\"color: #000000;\">Zur Vertragsdurchf\u00fchrung mitgeteilte Daten; ggfs. dar\u00fcber hinaus gehende Daten zur Verarbeitung auf Basis Ihrer ausdr\u00fccklichen Einwilligung.<\/span><\/p>\n<p><span style=\"text-decoration: underline;\"><span style=\"color: #000000; text-decoration: underline;\">Verarbeitungszweck:<\/span><\/span><\/p>\n<p><span style=\"color: #000000;\">Vertragsdurchf\u00fchrung, u.a. Anfragen, Einkauf, Qualit\u00e4tssicherung<\/span><\/p>\n<p><span style=\"text-decoration: underline;\"><span style=\"color: #000000; text-decoration: underline;\">Kategorien von Empf\u00e4ngern:<\/span><\/span><\/p>\n<p><span style=\"color: #000000;\">&#8211; \u00d6ffentliche Stellen bei Vorliegen vorrangiger Rechtsvorschriften, u.a. Finanzamt Friedberg<\/span><\/p>\n<p><span style=\"color: #000000;\">&#8211; Externe Dienstleister oder sonstige Auftragnehmer, u.a. zur Datenverarbeitung und Hosting (STRATO AG), Buchhaltung (Steuerberater)<\/span><\/p>\n<p><span style=\"color: #000000;\">&#8211; Weitere externe Stellen soweit der Betroffene seine Einwilligung erteilt hat oder eine \u00dcbermittlung aus \u00fcberwiegendem Interesse zul\u00e4ssig ist.<\/span><\/p>\n<p><span style=\"text-decoration: underline;\"><span style=\"color: #000000; text-decoration: underline;\">Drittlandtransfers:<\/span><\/span><\/p>\n<p><span style=\"color: #000000;\">\u2013 Keiner <span style=\"text-decoration: underline;\">\u2013<\/span><\/span><\/p>\n<p><span style=\"text-decoration: underline;\"><span style=\"color: #000000; text-decoration: underline;\">Dauer Datenspeicherung:<\/span><\/span><\/p>\n<p><span style=\"color: #000000;\">Die Dauer der Datenspeicherung richtet sich nach den gesetzlichen Aufbewahrungspflichten und betr\u00e4gt in der Regel 10 Jahre.<\/span><\/p>\n<p><span style=\"color: #000000;\"><\/span><\/p>\n<p><span style=\"color: #000000;\"><\/span><\/p>\n<p><span style=\"color: #000000;\"><\/span><\/p>\n<p><span style=\"color: #000000;\"><\/span><\/p>\n<h3><span style=\"text-decoration: underline;\">Weitere Informationen und Kontakte<\/span><\/h3>\n<p><span style=\"color: #000000;\"><\/span><\/p>\n<p><span style=\"color: #000000;\">Dar\u00fcber hinaus k\u00f6nnen Sie jederzeit ihre Anspr\u00fcche auf Auskunft, Berichtigung oder L\u00f6schung oder auf Einschr\u00e4nkung der Verarbeitung oder der Wahrnehmung Ihres Widerspruchsrechts gegen die Verarbeitung sowie das Recht auf Daten\u00fcbertragbarkeit geltend machen. Hier finden Sie die M\u00f6glichkeit, uns per E-Mail oder Brief (siehe\u00a0<a href=\"https:\/\/www.trendsketcher.de\/impressum\/\" target=\"_blank\" rel=\"noopener noreferrer\" style=\"color: #000000;\">Impressum<\/a>) zu kontaktieren. Sie haben ferner das Recht, sich bei Beschwerden an die Datenschutz-Aufsichtsbeh\u00f6rde zu wenden.<\/span><\/p>\n<p><span style=\"color: #000000;\">\u00a0<\/span><\/p>\n<p>[\/et_pb_text][\/et_pb_column][\/et_pb_row][\/et_pb_section]<\/p>\n","protected":false},"excerpt":{"rendered":"<p>Allgemeine Angaben Angaben zur verantwortlichen Stelle Freiberuflerin: Yvonne Ruhmland Adresse:\u00a0S\u00f6deler Stra\u00dfe 26, 61231 Bad Nauheim Allgemeine Datenverarbeitungs-Informationen Betroffene Daten: Personenbezogene Daten werden nur erhoben, wenn Sie uns diese von sich aus mitteilen. Dar\u00fcber hinaus werden keine personenbezogenen Daten erhoben. Eine \u00fcber die Reichweite der gesetzlichen Erlaubnistatbest\u00e4nde hinausgehende Verarbeitung Ihrer personenbezogenen Daten erfolgt nur auf Grundlage [&hellip;]<\/p>\n","protected":false},"author":1,"featured_media":0,"parent":0,"menu_order":0,"comment_status":"closed","ping_status":"closed","template":"","meta":{"_et_pb_use_builder":"on","_et_pb_old_content":"","_et_gb_content_width":"","footnotes":""},"class_list":["post-2026","page","type-page","status-publish","hentry"],"_links":{"self":[{"href":"https:\/\/podologie-ruhmland.de\/index.php?rest_route=\/wp\/v2\/pages\/2026","targetHints":{"allow":["GET"]}}],"collection":[{"href":"https:\/\/podologie-ruhmland.de\/index.php?rest_route=\/wp\/v2\/pages"}],"about":[{"href":"https:\/\/podologie-ruhmland.de\/index.php?rest_route=\/wp\/v2\/types\/page"}],"author":[{"embeddable":true,"href":"https:\/\/podologie-ruhmland.de\/index.php?rest_route=\/wp\/v2\/users\/1"}],"replies":[{"embeddable":true,"href":"https:\/\/podologie-ruhmland.de\/index.php?rest_route=%2Fwp%2Fv2%2Fcomments&post=2026"}],"version-history":[{"count":5,"href":"https:\/\/podologie-ruhmland.de\/index.php?rest_route=\/wp\/v2\/pages\/2026\/revisions"}],"predecessor-version":[{"id":2071,"href":"https:\/\/podologie-ruhmland.de\/index.php?rest_route=\/wp\/v2\/pages\/2026\/revisions\/2071"}],"wp:attachment":[{"href":"https:\/\/podologie-ruhmland.de\/index.php?rest_route=%2Fwp%2Fv2%2Fmedia&parent=2026"}],"curies":[{"name":"wp","href":"https:\/\/api.w.org\/{rel}","templated":true}]}}